{"id":124998,"date":"2023-06-28T10:13:21","date_gmt":"2023-06-28T08:13:21","guid":{"rendered":"https:\/\/www.creaearredanegozi.it\/?post_type=product&#038;p=124998"},"modified":"2026-03-09T12:38:10","modified_gmt":"2026-03-09T11:38:10","slug":"samsung-professioneller-mikrowellenherd-26-lt-1600w-feste-platte","status":"publish","type":"product","link":"https:\/\/www.creaearredanegozi.it\/de\/samsung-professioneller-mikrowellenherd-26-lt-1600w-feste-platte\/","title":{"rendered":"Samsung Professional Mikrowellenherd 26 Lt 1600W feste Platte"},"content":{"rendered":"<p><strong>Samsung Profi-Mikrowellenherd 26 Lt<\/strong><\/p>\n<p>Speziell f\u00fcr kleine R\u00e4ume konzipiertes Modell.<\/p>\n<p>Dank seiner geringen Au\u00dfenabmessungen und seines gro\u00dfen Fassungsverm\u00f6gens ist er ideal f\u00fcr Fastfood-Restaurants, in denen der Platz knapp ist. Er kann in Snackbars, Cafeterias, Schnellrestaurants usw. eingesetzt werden.<\/p>\n<ul>\n<li>Au\u00dfenstruktur und Garraum aus Edelstahl<\/li>\n<li>geeignet f\u00fcr Gastro-Norm 1\/2 Schalen (mm.325 x 265)<\/li>\n<li>Leistungsabgabe 1,1 Kw in 5 Stufen lieferbar<\/li>\n<li>manuelle Kontrollen<\/li>\n<li>Timer bis zu 30 Minuten<\/li>\n<li>Feste Platte aus Keramik<\/li>\n<li>4 Leistungsstufen + 1 zum Abtauen<\/li>\n<\/ul>\n<p><strong>Technische Daten:<\/strong><\/p>\n<table class=\"table table-striped\">\n<tbody>\n<tr>\n<td>Breite (mm)<\/td>\n<td>517<\/td>\n<\/tr>\n<tr>\n<td>Tiefe (mm)<\/td>\n<td>412<\/td>\n<\/tr>\n<tr>\n<td>H\u00f6he (mm)<\/td>\n<td>297<\/td>\n<\/tr>\n<tr>\n<td>Gewicht (kg)<\/td>\n<td>18<\/td>\n<\/tr>\n<tr>\n<td>Innenma\u00dfe BxTxH in mm<\/td>\n<td>336X349X225<\/td>\n<\/tr>\n<tr>\n<td>Kapazit\u00e4t (Lt)<\/td>\n<td>26<\/td>\n<\/tr>\n<tr>\n<td>Absorption (Watt)<\/td>\n<td>1600<\/td>\n<\/tr>\n<tr>\n<td>Leistungsabgabe (Watt)<\/td>\n<td>1050<\/td>\n<\/tr>\n<tr>\n<td>Frequenz Hz<\/td>\n<td>50<\/td>\n<\/tr>\n<tr>\n<td>Spannung Volts<\/td>\n<td>230<\/td>\n<\/tr>\n<\/tbody>\n<\/table>","protected":false},"excerpt":{"rendered":"<p>Forno a microonde professionale 26 Lt Samsung Modello ideato particolarmente per piccoli ambienti. Grazie alle ridotte dimensioni esterne ed ad una grande capacit\u00e0 della camera \u00e8 ideale per la ristorazione veloce dove lo spazio \u00e8 un elemento determinante. Pu\u00f2 essere utilizzato in snack bar, tavole calde, fast food, ecc. struttura esterna e camera cottura in [&#8230;]","protected":false},"featured_media":124999,"comment_status":"closed","ping_status":"closed","template":"","meta":{"_monsterinsights_skip_tracking":false},"product_brand":[670],"product_cat":[666,85,9,192,16,64,83,662,10,663,665],"product_tag":[],"class_list":["post-124998","product","type-product","status-publish","has-post-thumbnail","product_brand-samsung","product_cat-microonde-forni","product_cat-a-microonde","product_cat-attrezzature-pub","product_cat-cottura","product_cat-forni","product_cat-forni-attrezzature-bar","product_cat-forni-attrezzature-pub","product_cat-forni-cottura","product_cat-attrezzature-bar","product_cat-microonde","product_cat-microonde-forni-attrezzature-bar","pa_marca-samsung","first","instock","taxable","shipping-taxable","purchasable","product-type-simple"],"_links":{"self":[{"href":"https:\/\/www.creaearredanegozi.it\/de\/wp-json\/wp\/v2\/product\/124998","targetHints":{"allow":["GET"]}}],"collection":[{"href":"https:\/\/www.creaearredanegozi.it\/de\/wp-json\/wp\/v2\/product"}],"about":[{"href":"https:\/\/www.creaearredanegozi.it\/de\/wp-json\/wp\/v2\/types\/product"}],"replies":[{"embeddable":true,"href":"https:\/\/www.creaearredanegozi.it\/de\/wp-json\/wp\/v2\/comments?post=124998"}],"wp:featuredmedia":[{"embeddable":true,"href":"https:\/\/www.creaearredanegozi.it\/de\/wp-json\/wp\/v2\/media\/124999"}],"wp:attachment":[{"href":"https:\/\/www.creaearredanegozi.it\/de\/wp-json\/wp\/v2\/media?parent=124998"}],"wp:term":[{"taxonomy":"product_brand","embeddable":true,"href":"https:\/\/www.creaearredanegozi.it\/de\/wp-json\/wp\/v2\/product_brand?post=124998"},{"taxonomy":"product_cat","embeddable":true,"href":"https:\/\/www.creaearredanegozi.it\/de\/wp-json\/wp\/v2\/product_cat?post=124998"},{"taxonomy":"product_tag","embeddable":true,"href":"https:\/\/www.creaearredanegozi.it\/de\/wp-json\/wp\/v2\/product_tag?post=124998"}],"curies":[{"name":"wp","href":"https:\/\/api.w.org\/{rel}","templated":true}]}}